{"id":9,"date":"2025-12-09T09:22:18","date_gmt":"2025-12-09T09:22:18","guid":{"rendered":"https:\/\/esteettomyysnyt.fi\/?page_id=9"},"modified":"2025-12-09T14:21:54","modified_gmt":"2025-12-09T14:21:54","slug":"index","status":"publish","type":"page","link":"https:\/\/esteettomyysnyt.fi\/","title":{"rendered":"Etusivu"},"content":{"rendered":"\n<figure class=\"wp-block-image aligncenter size-large is-resized\" style=\"margin-top:var(--wp--preset--spacing--70);margin-bottom:var(--wp--preset--spacing--60)\"><a href=\"https:\/\/www.kansalaisaloite.fi\/fi\/aloite\/16301\"><img loading=\"lazy\" decoding=\"async\" width=\"819\" height=\"1024\" src=\"https:\/\/esteettomyysnyt.fi\/wp-content\/uploads\/2025\/12\/Image-819x1024.jpeg\" alt=\"Kuvituskuva Esteett\u00f6myys NYT! aloitteesta. Sis\u00e4lt\u00e4\u00e4 teksti\u00e4 ja v\u00e4rein\u00e4 toimii tumman sininen, pinkki ja vaalean keltainen.\" class=\"wp-image-10\" style=\"width:600px\" srcset=\"https:\/\/esteettomyysnyt.fi\/wp-content\/uploads\/2025\/12\/Image-819x1024.jpeg 819w, https:\/\/esteettomyysnyt.fi\/wp-content\/uploads\/2025\/12\/Image-240x300.jpeg 240w, https:\/\/esteettomyysnyt.fi\/wp-content\/uploads\/2025\/12\/Image-768x960.jpeg 768w, https:\/\/esteettomyysnyt.fi\/wp-content\/uploads\/2025\/12\/Image.jpeg 1080w\" sizes=\"auto, (max-width: 819px) 100vw, 819px\" \/><\/a><\/figure>\n\n\n\n<p><\/p>\n\n\n\n<div class=\"wp-block-buttons is-content-justification-center is-layout-flex wp-container-core-buttons-is-layout-a89b3969 wp-block-buttons-is-layout-flex\">\n<div class=\"wp-block-button has-custom-width wp-block-button__width-75\"><a class=\"wp-block-button__link has-custom-sininen-color has-custom-keltainen-background-color has-text-color has-background has-link-color has-x-large-font-size has-custom-font-size wp-element-button\" href=\"https:\/\/www.kansalaisaloite.fi\/fi\/aloite\/16301\"><strong>Allekirjoita kansalaisaloite t\u00e4st\u00e4<\/strong><\/a><\/div>\n<\/div>\n\n\n\n<p><\/p>\n\n\n\n<h1 class=\"wp-block-heading has-custom-keltainen-color has-text-color has-link-color wp-elements-acb7f22b047c9af36bf4d588e870de64\"><br>Mutta mik\u00e4 ja miksi Esteett\u00f6myys NYT?<\/h1>\n\n\n\n<p class=\"has-base-color has-text-color has-link-color wp-elements-782561859ac01ad67283c42d210f20c1\">Ehdotamme kansalaisaloitteessa yhdenvertaisuuslakia ja rikoslakia muutettavaksi siten, ett\u00e4 esteett\u00f6myyden tai saavutettavuuden laiminly\u00f6nti kirjataan niihin itsen\u00e4iseksi syrjinn\u00e4n muodoksi.<\/p>\n\n\n\n<p class=\"has-base-color has-text-color has-link-color wp-elements-28b7c295fbc2e0c3fcaed5b9c7df6fe5\">Esteett\u00f6myys on ihmisoikeus ja siksi siihen velvoitetaan YK:n vammaisyleissopimuksessa, jonka my\u00f6s Suomi on ratifioinut.<\/p>\n\n\n\n<p class=\"has-base-color has-text-color has-link-color wp-elements-aabe701d6419973a70c928496854cd13\">Mutta! Suomen lains\u00e4\u00e4d\u00e4nt\u00f6 ei tosiasiallisesti t\u00e4yt\u00e4 YK:n vammaisyleissopimuksen velvoitteita: sopimus edellytt\u00e4\u00e4, ett\u00e4 esteett\u00f6myyden ep\u00e4\u00e4minen m\u00e4\u00e4ritell\u00e4\u00e4n lains\u00e4\u00e4d\u00e4nn\u00f6ss\u00e4 selke\u00e4sti kielletyksi syrjinn\u00e4ksi ja siihen liitet\u00e4\u00e4n tehokkaat sanktiot. N\u00e4in ei nyt ole, ja se osaltaan est\u00e4\u00e4 esteett\u00f6myytt\u00e4 toteutumasta.<\/p>\n\n\n\n<p class=\"has-base-color has-text-color has-link-color wp-elements-baf03d5b5e9310d07420c446b70c7082\">Tavoittelemme kansalaisaloitteessa sit\u00e4, ett\u00e4 esteett\u00f6myyden tai saavutettavuuden laiminly\u00f6nti tulee tehokkaasti ja selke\u00e4sti sanktioduksi. Riippumatta siit\u00e4, millaisessa ymp\u00e4rist\u00f6ss\u00e4 se tapahtuu ja millaisiin toimintarajoitteisiin se liittyy.<\/p>\n\n\n\n<p class=\"has-base-color has-text-color has-link-color wp-elements-94bb7b775d7ad9c19d64558c271b3ce4\">Haluamme yht\u00e4l\u00e4isesti edist\u00e4\u00e4 kaikkien ihmisten oikeutta esteett\u00f6myyteen! Selv\u00e4t esteett\u00f6myysvelvoitteet ja syrjint\u00e4kiellot palvelevat kaikkia ja edist\u00e4v\u00e4t yhteiskunnan kest\u00e4vyytt\u00e4 my\u00f6s v\u00e4est\u00f6n vanhentuessa.<\/p>\n\n\n\n<p class=\"has-base-color has-text-color has-link-color has-large-font-size wp-elements-dc548ba2e50b78f3473ddd9ee699d70a\">Lis\u00e4tietoa kansalaisaloitteesta Esteett\u00f6myys NYT! Instagramissa <a href=\"https:\/\/www.instagram.com\/esteettomyysnyt\/\" target=\"_blank\" rel=\"noreferrer noopener\"><strong>@esteettomyysnyt<\/strong><\/a><br><br><\/p>\n\n\n\n<p class=\"has-base-color has-text-color has-link-color wp-elements-2f5b90dd8d00570326c7e7d2ae9a807f\"><\/p>\n\n\n\n<div class=\"wp-block-buttons is-content-justification-center is-layout-flex wp-container-core-buttons-is-layout-a89b3969 wp-block-buttons-is-layout-flex\">\n<div class=\"wp-block-button has-custom-width wp-block-button__width-75\"><a class=\"wp-block-button__link has-custom-sininen-color has-custom-pinkki-background-color has-text-color has-background has-link-color has-x-large-font-size has-custom-font-size wp-element-button\" href=\"https:\/\/www.kansalaisaloite.fi\/fi\/aloite\/16301\"><strong>Allekirjoita kansalaisaloite t\u00e4st\u00e4<\/strong><\/a><\/div>\n<\/div>\n\n\n\n<div class=\"wp-block-columns is-layout-flex wp-container-core-columns-is-layout-28f84493 wp-block-columns-is-layout-flex\">\n<div class=\"wp-block-column is-layout-flow wp-block-column-is-layout-flow\">\n<p><\/p>\n<\/div>\n<\/div>\n\n\n\n<div class=\"wp-block-group has-global-padding is-layout-constrained wp-block-group-is-layout-constrained\">\n<p><\/p>\n<\/div>\n","protected":false},"excerpt":{"rendered":"<p>Mutta mik\u00e4 ja miksi Esteett\u00f6myys NYT? Ehdotamme kansalaisaloitteessa yhdenvertaisuuslakia ja rikoslakia muutettavaksi siten, ett\u00e4 esteett\u00f6myyden tai saavutettavuuden laiminly\u00f6nti kirjataan niihin itsen\u00e4iseksi syrjinn\u00e4n muodoksi. Esteett\u00f6myys on ihmisoikeus ja siksi siihen velvoitetaan YK:n vammaisyleissopimuksessa, jonka my\u00f6s Suomi on ratifioinut. Mutta! Suomen lains\u00e4\u00e4d\u00e4nt\u00f6 ei tosiasiallisesti t\u00e4yt\u00e4 YK:n vammaisyleissopimuksen velvoitteita: sopimus edellytt\u00e4\u00e4, ett\u00e4 esteett\u00f6myyden ep\u00e4\u00e4minen m\u00e4\u00e4ritell\u00e4\u00e4n lains\u00e4\u00e4d\u00e4nn\u00f6ss\u00e4 selke\u00e4sti kielletyksi [&hellip;]<\/p>\n","protected":false},"author":1,"featured_media":10,"parent":0,"menu_order":0,"comment_status":"closed","ping_status":"closed","template":"page-no-title","meta":{"footnotes":""},"class_list":["post-9","page","type-page","status-publish","has-post-thumbnail","hentry"],"_links":{"self":[{"href":"https:\/\/esteettomyysnyt.fi\/index.php?rest_route=\/wp\/v2\/pages\/9","targetHints":{"allow":["GET"]}}],"collection":[{"href":"https:\/\/esteettomyysnyt.fi\/index.php?rest_route=\/wp\/v2\/pages"}],"about":[{"href":"https:\/\/esteettomyysnyt.fi\/index.php?rest_route=\/wp\/v2\/types\/page"}],"author":[{"embeddable":true,"href":"https:\/\/esteettomyysnyt.fi\/index.php?rest_route=\/wp\/v2\/users\/1"}],"replies":[{"embeddable":true,"href":"https:\/\/esteettomyysnyt.fi\/index.php?rest_route=%2Fwp%2Fv2%2Fcomments&post=9"}],"version-history":[{"count":18,"href":"https:\/\/esteettomyysnyt.fi\/index.php?rest_route=\/wp\/v2\/pages\/9\/revisions"}],"predecessor-version":[{"id":83,"href":"https:\/\/esteettomyysnyt.fi\/index.php?rest_route=\/wp\/v2\/pages\/9\/revisions\/83"}],"wp:featuredmedia":[{"embeddable":true,"href":"https:\/\/esteettomyysnyt.fi\/index.php?rest_route=\/wp\/v2\/media\/10"}],"wp:attachment":[{"href":"https:\/\/esteettomyysnyt.fi\/index.php?rest_route=%2Fwp%2Fv2%2Fmedia&parent=9"}],"curies":[{"name":"wp","href":"https:\/\/api.w.org\/{rel}","templated":true}]}}